{"id":104,"date":"2020-09-08T15:50:38","date_gmt":"2020-09-08T13:50:38","guid":{"rendered":"https:\/\/itkm.misjonarze.pl\/?page_id=104"},"modified":"2023-06-13T21:12:11","modified_gmt":"2023-06-13T19:12:11","slug":"erasmus","status":"publish","type":"page","link":"https:\/\/itkm.misjonarze.pl\/?page_id=104","title":{"rendered":"Erasmus +"},"content":{"rendered":"<p style=\"text-align: justify;\">Erasmus+ jest programem UE w dziedzinie kszta\u0142cenia, szkolenia, m\u0142odzie\u017cy i sportu na lata 2021\u20132027. Kszta\u0142cenie, szkolenie, m\u0142odzie\u017c i sport to g\u0142\u00f3wne obszary, w ramach kt\u00f3rych wspiera si\u0119 rozw\u00f3j osobisty i zawodowy obywateli. Wysokiej jako\u015bci w\u0142\u0105czaj\u0105ce kszta\u0142cenie i szkolenie, a tak\u017ce uczenie si\u0119 nieformalne i pozaformalne zapewniaj\u0105 m\u0142odzie\u017cy i uczestnikom w ka\u017cdym wieku kwalifikacje i umiej\u0119tno\u015bci potrzebne do tego, aby mogli oni w znacz\u0105cy spos\u00f3b uczestniczy\u0107 w spo\u0142ecze\u0144stwie demokratycznym, naby\u0107 umiej\u0119tno\u015b\u0107 zrozumienia mi\u0119dzykulturowego i pomy\u015blnie wej\u015b\u0107 na rynek pracy. W oparciu o sukces programu w okresie 2014\u20132020 celem Erasmus+ b\u0119dzie oferowanie wi\u0119kszych mo\u017cliwo\u015bci wi\u0119kszej liczbie uczestnik\u00f3w i szerszemu gronu organizacji, z wi\u0119kszym naciskiem na wp\u0142yw jako\u015bciowy oraz wk\u0142ad w budowanie bardziej w\u0142\u0105czaj\u0105cych, sp\u00f3jnych i zielonych spo\u0142ecze\u0144stw przygotowanych do uczestnictwa w cyfrowym \u015bwiecie.<\/p>\n<p style=\"text-align: justify;\">Obywatele Unii musz\u0105 mie\u0107 wi\u0119ksz\u0105 wiedz\u0119 oraz lepsze umiej\u0119tno\u015bci i kompetencje niezb\u0119dne w dynamicznie zmieniaj\u0105cym si\u0119 spo\u0142ecze\u0144stwie, kt\u00f3re staje coraz bardziej mobilne, wielokulturowe i cyfrowe. Przebywanie w innym pa\u0144stwie w celu nauki, studiowania i pracy powinno sta\u0107 si\u0119 norm\u0105, a ka\u017cdy powinien mie\u0107 mo\u017cliwo\u015b\u0107 nauki dw\u00f3ch j\u0119zyk\u00f3w opr\u00f3cz j\u0119zyka ojczystego. Program jest g\u0142\u00f3wnym elementem wspieraj\u0105cym osi\u0105ganie cel\u00f3w europejskiego obszaru edukacji, Planu dzia\u0142ania w dziedzinie edukacji cyfrowej na lata 2021\u20132027, strategii UE na rzecz m\u0142odzie\u017cy oraz planu prac UE w dziedzinie sportu (2021\u20132024).<\/p>\n<p style=\"text-align: justify;\"><strong>JAKIE CELE MA PROGRAM ERASMUS+?<\/strong><\/p>\n<p style=\"text-align: justify;\"><strong> CEL OG\u00d3LNY <\/strong><\/p>\n<p style=\"text-align: justify;\">Celem og\u00f3lnym programu jest wspieranie, w ramach uczenia si\u0119 i kszta\u0142cenia przez ca\u0142e \u017cycie, edukacyjnego, zawodowego i osobistego rozwoju os\u00f3b w kontek\u015bcie kszta\u0142cenia, szkolenia, m\u0142odzie\u017cy i sportu w Europie i poza ni\u0105, przyczyniaj\u0105c si\u0119 tym samym do zr\u00f3wnowa\u017conego wzrostu gospodarczego, tworzenia wysokiej jako\u015bci miejsc pracy i sp\u00f3jno\u015bci spo\u0142ecznej, wspierania innowacji oraz wzmacniania to\u017csamo\u015bci europejskiej i aktywno\u015bci obywatelskiej. Jako taki program jest kluczowym instrumentem s\u0142u\u017c\u0105cym budowie europejskiego obszaru edukacji, wspieraniu realizacji europejskiej wsp\u00f3\u0142pracy strategicznej w dziedzinie kszta\u0142cenia i szkolenia, wraz z programami sektorowymi b\u0119d\u0105cymi jej podstaw\u0105. Ponadto odgrywa on kluczowe znaczenie w zacie\u015bnianiu wsp\u00f3\u0142pracy w zakresie polityki m\u0142odzie\u017cowej w ramach strategii UE na rzecz m\u0142odzie\u017cy na lata 2019\u20132027 oraz w rozwijaniu europejskiego wymiaru sportu.<\/p>\n<p style=\"text-align: justify;\"><strong>CELE SZCZEG\u00d3\u0141OWE <\/strong><\/p>\n<p style=\"text-align: justify;\">Program ma nast\u0119puj\u0105ce cele szczeg\u00f3\u0142owe:<\/p>\n<ul>\n<li style=\"text-align: justify;\">promowanie mobilno\u015bci edukacyjnej os\u00f3b i grup, jak r\u00f3wnie\u017c wsp\u00f3\u0142pracy, w\u0142\u0105czenia spo\u0142ecznego i r\u00f3wnego dost\u0119pu, doskona\u0142o\u015bci, kreatywno\u015bci i innowacji na szczeblu organizacji i polityki w dziedzinie kszta\u0142cenia i szkolenia;<\/li>\n<li style=\"text-align: justify;\">promowanie pozaformalnej i nieformalnej mobilno\u015bci edukacyjnej i aktywnego uczestnictwa w\u015br\u00f3d os\u00f3b m\u0142odych, jak r\u00f3wnie\u017c wsp\u00f3\u0142pracy, jako\u015bci, w\u0142\u0105czenia, kreatywno\u015bci i innowacji na szczeblu organizacji i polityki w dziedzinie m\u0142odzie\u017cy;<\/li>\n<li style=\"text-align: justify;\">promowanie mobilno\u015bci edukacyjnej pracownik\u00f3w sportowych, jak r\u00f3wnie\u017c wsp\u00f3\u0142pracy, jako\u015bci, w\u0142\u0105czenia spo\u0142ecznego, kreatywno\u015bci i innowacji na szczeblu organizacji sportowych i polityki w zakresie sportu.<\/li>\n<\/ul>\n<p style=\"text-align: justify;\"><strong>JAK\u0104 STRUKTUR\u0118 MA PROGRAM ERASMUS+?<\/strong><\/p>\n<p>W ramach programu Erasmus+ przewiduje si\u0119 realizacj\u0119 w okresie 2021\u20132027 wymienionych poni\u017cej akcji kluczowych, kt\u00f3re maj\u0105 umo\u017cliwi\u0107 osi\u0105gni\u0119cie jego cel\u00f3w.<\/p>\n<p><strong>AKCJA KLUCZOWA 1 \u2013 MOBILNO\u015a\u0106<\/strong><\/p>\n<ul>\n<li>Mobilno\u015b\u0107 os\u00f3b ucz\u0105cych si\u0119 i kadry,<\/li>\n<li>Dzia\u0142ania wspieraj\u0105ce uczestnictwo m\u0142odzie\u017cy,<\/li>\n<li>Mobilno\u015b\u0107 trener\u00f3w sportowych,<\/li>\n<li>Inicjatywa DiscoverEU,<\/li>\n<li>Mo\u017cliwo\u015bci nauki j\u0119zyk\u00f3w,<\/li>\n<li>Wirtualne wymiany w szkolnictwie wy\u017cszym i w\u015br\u00f3d m\u0142odzie\u017cy.<\/li>\n<\/ul>\n<p><strong>AKCJA KLUCZOWA 2 \u2013 WSP\u00d3\u0141PRACA ORGANIZACJI I INSTYTUCJI<\/strong><\/p>\n<ul>\n<li>partnerstwa na rzecz wsp\u00f3\u0142pracy,<\/li>\n<li>partnerstwa na rzecz doskona\u0142o\u015bci,<\/li>\n<li>partnerstwa na rzecz innowacji,<\/li>\n<li>projekty maj\u0105ce na celu budowanie potencja\u0142u.<\/li>\n<\/ul>\n<p><strong>AKCJA KLUCZOWA 3 \u2013 WSPARCIE ROZWOJU POLITYKI I WSP\u00d3\u0141PRACY<\/strong><\/p>\n<ul>\n<li>Akcja Europejska m\u0142odzie\u017c razem,<\/li>\n<li>Dzia\u0142anie \u201eJean Monnet\u201d<\/li>\n<\/ul>\n<p><strong>Erasmus+ Szkolnictwo wy\u017csze<\/strong><\/p>\n<p style=\"text-align: justify;\">W sektorze Szkolnictwo wy\u017csze mog\u0105 uczestniczy\u0107 szko\u0142y wy\u017csze, ich studenci i pracownicy, a w niekt\u00f3rych dzia\u0142aniach \u2013 r\u00f3wnie\u017c inne organizacje wsp\u00f3\u0142pracuj\u0105ce z uczelniami. Uczelnie mog\u0105 prowadzi\u0107 wymian\u0119 student\u00f3w i pracownik\u00f3w oraz koordynowa\u0107 mi\u0119dzynarodowe projekty lub bra\u0107 w nich udzia\u0142 jako partnerzy. Warunkiem udzia\u0142u uczelni w programie jest posiadanie Karty Erasmusa dla szkolnictwa wy\u017cszego.<\/p>\n<p style=\"text-align: justify;\">Dzi\u0119ki programowi studenci maj\u0105 mo\u017cliwo\u015b\u0107 wyjazd\u00f3w za granic\u0119 na cz\u0119\u015b\u0107 studi\u00f3w i na praktyki. Nauczyciele akademiccy mog\u0105 prowadzi\u0107 zaj\u0119cia dydaktyczne dla student\u00f3w w zagranicznych uczelniach. Pracownicy z r\u00f3\u017cnych jednostek uczelni mog\u0105 korzysta\u0107 z wyjazd\u00f3w szkoleniowych. Ponadto studenci i pracownicy uczelni maj\u0105 mo\u017cliwo\u015b\u0107 uczestniczy\u0107 w projektach mi\u0119dzynarodowych, w kt\u00f3re zaanga\u017cowana jest ich jednostka.<\/p>\n<div class=\"default_font\"><strong>Erasmus+ 2023: poznaj zasady i terminy<\/strong><\/div>\n<p style=\"text-align: justify;\">Komisja Europejska opublikowa\u0142a nowy przewodnik po programie Erasmus+ na rok 2023 wraz z zaproszeniem do sk\u0142adania wniosk\u00f3w. Zach\u0119camy do zapoznania si\u0119 z dokumentami.<\/p>\n<p><a href=\"https:\/\/erasmusplus.org.pl\/brepo\/panel_repo_files\/2022\/11\/23\/y5pdk7\/celex-c2022-444-07-pl-txt.pdf\" target=\"_blank\" rel=\"noopener\"><strong>Zaproszenie do sk\u0142adania wniosk\u00f3w 2023<\/strong><\/a><\/p>\n<p style=\"text-align: justify;\">Zgodnie z dokumentem obowi\u0105zuj\u0105\u00a0<strong>dwie tury nabor\u00f3w: od lutego do czerwca oraz w pa\u017adzierniku<\/strong>. Ca\u0142kowity bud\u017cet przeznaczony na niniejsze zaproszenie szacuje si\u0119 na\u00a0<strong>blisko 3,4 mld euro<\/strong>.<\/p>\n<p style=\"text-align: justify;\">W zwi\u0105zku ze znacznym wzrostem wska\u017anik\u00f3w inflacji mi\u0119dzy styczniem 2021 r. a sierpniem 2022 r. Komisja Europejska zdecydowa\u0142a si\u0119 wprowadzi\u0107\u00a0<strong>korekt\u0119 w wysoko\u015bci +12,27%<\/strong>, kt\u00f3ra dotyczy\u00a0<strong>indywidualnych stawek wsparcia w ramach mobilno\u015bci (dzia\u0142ania zdecentralizowane)<\/strong>. Oznacza to wi\u0119ksz\u0105 pomoc dla uczestnik\u00f3w mobilno\u015bci, kt\u00f3rzy musz\u0105 mierzy\u0107 si\u0119 przede wszystkim z rosn\u0105cymi kosztami utrzymania (m.in. \u017cywno\u015b\u0107 i zakwaterowanie). W ten spos\u00f3b Komisja wychodzi naprzeciw potencjalnym beneficjentom, kt\u00f3rzy m.in. w formie petycji zg\u0142aszali takie zapotrzebowanie.<\/p>\n<p><strong>Terminy nabor\u00f3w w rundzie jesiennej<\/strong><\/p>\n<ul>\n<li style=\"text-align: justify;\">4 pa\u017adziernika 2023 r., godz. 12:00<br \/>\nAkcja kluczowa 1.,\u00a0Mobilno\u015b\u0107 os\u00f3b w dziedzinie m\u0142odzie\u017cy<br \/>\nAkcja kluczowa 1.,\u00a0Dzia\u0142anie na rzecz w\u0142\u0105czenia DiscoverEU<br \/>\nAkcja kluczowa 1.,\u00a0Mobilno\u015b\u0107 kadry w dziedzinach zwi\u0105zanych ze sportem (dodatkowy termin)<br \/>\nAkcja kluczowa 2.,\u00a0Partnerstwa wsp\u00f3\u0142pracy w dziedzinie szkolnictwa wy\u017cszego oraz w dziedzinie m\u0142odzie\u017cy, z wyj\u0105tkiem partnerstw przedk\u0142adanych przez europejskie organizacje pozarz\u0105dowe<br \/>\nAkcja kluczowa 2.,\u00a0Partnerstwa na ma\u0142\u0105 skal\u0119 w dziedzinie edukacji szkolnej, kszta\u0142cenia i szkolenia zawodowego, kszta\u0142cenia doros\u0142ych i m\u0142odzie\u017cy<\/li>\n<li>19 pa\u017adziernika 2023 r., godz. 12:00<br \/>\nAkcja kluczowa 1.,\u00a0Akredytacje Erasmus w dziedzinie kszta\u0142cenia i szkolenia zawodowego, kszta\u0142cenia szkolnego i kszta\u0142cenia doros\u0142ych<br \/>\nAkcja kluczowa 1.,\u00a0Akredytacje Erasmus w dziedzinie m\u0142odzie\u017cy<\/li>\n<\/ul>\n<p><strong>Przewodnik po programie Erasmus+ 2023<\/strong><br \/>\nKomisja Europejska opublikowa\u0142a tak\u017ce najnowszy Przewodnik po programie Erasmus+ na rok 2023, kt\u00f3ry w wersji polskiej dost\u0119pny jest\u00a0<a href=\"https:\/\/erasmusplus.org.pl\/brepo\/panel_repo_files\/2022\/11\/23\/yekale\/erasmusprogramme-guide2023-pl.pdf\" target=\"_blank\" rel=\"noopener\"><strong>TUTAJ<\/strong><\/a>.<\/p>\n<p style=\"text-align: justify;\">W przewodniku mo\u017cna znale\u017a\u0107 informacje dotycz\u0105ce cel\u00f3w oraz priorytet\u00f3w programu w roku 2023, w\u015br\u00f3d kt\u00f3rych znajduj\u0105 si\u0119: w\u0142\u0105czenie i r\u00f3\u017cnorodno\u015b\u0107, transformacja cyfrowa, \u015brodowisko i walka ze zmian\u0105 klimatu oraz uczestnictwo w \u017cyciu demokratycznym, wsp\u00f3lne warto\u015bci i zaanga\u017cowanie obywatelskie. Przewodnik po programie zawiera tak\u017ce opisy cel\u00f3w akcji i dzia\u0142a\u0144, informacje dla wnioskodawc\u00f3w (w tym jak z\u0142o\u017cy\u0107 wniosek i jakie s\u0105 kryteria naboru) oraz\u00a0definicje kluczowych poj\u0119\u0107 i powszechnie stosowanych termin\u00f3w zwi\u0105zanych z programem.<\/p>\n<p>Wszystkie 23 wersje j\u0119zykowe przewodnika znajduj\u0105 si\u0119 na stronie Komisji Europejskiej:\u00a0<a href=\"https:\/\/erasmus-plus.ec.europa.eu\/erasmus-programme-guide\" target=\"_blank\" rel=\"noopener\"><strong>Erasmus+ Programme Guide 2023<\/strong><\/a>.<\/p>\n<p>Zapraszamy do zapoznania si\u0119 z dokumentami i \u017cyczymy powodzenia w przygotowywaniu wniosk\u00f3w!<\/p>\n<p>Wi\u0119cej informacji o sektorach i akcjach programu znajdziesz na\u00a0<a href=\"https:\/\/erasmusplus.org.pl\/\" target=\"_blank\" rel=\"noopener\"><strong>oficjalnej stronie internetowej Narodowej Agencji Programu Erasmus+ w Polsce<\/strong><\/a>.<\/p>\n","protected":false},"excerpt":{"rendered":"<p>Erasmus+ jest programem UE w dziedzinie kszta\u0142cenia, szkolenia, m\u0142odzie\u017cy i sportu na lata 2021\u20132027. Kszta\u0142cenie, szkolenie, m\u0142odzie\u017c i sport to g\u0142\u00f3wne obszary, w ramach kt\u00f3rych wspiera si\u0119 rozw\u00f3j osobisty i zawodowy obywateli. Wysokiej jako\u015bci w\u0142\u0105czaj\u0105ce kszta\u0142cenie i szkolenie, a tak\u017ce uczenie si\u0119 nieformalne i pozaformalne zapewniaj\u0105 m\u0142odzie\u017cy i uczestnikom w ka\u017cdym wieku kwalifikacje i umiej\u0119tno\u015bci potrzebne do tego, aby mogli [&hellip;]<\/p>\n","protected":false},"author":1,"featured_media":0,"parent":0,"menu_order":0,"comment_status":"closed","ping_status":"closed","template":"","meta":{"footnotes":""},"class_list":["post-104","page","type-page","status-publish","hentry"],"_links":{"self":[{"href":"https:\/\/itkm.misjonarze.pl\/index.php?rest_route=\/wp\/v2\/pages\/104","targetHints":{"allow":["GET"]}}],"collection":[{"href":"https:\/\/itkm.misjonarze.pl\/index.php?rest_route=\/wp\/v2\/pages"}],"about":[{"href":"https:\/\/itkm.misjonarze.pl\/index.php?rest_route=\/wp\/v2\/types\/page"}],"author":[{"embeddable":true,"href":"https:\/\/itkm.misjonarze.pl\/index.php?rest_route=\/wp\/v2\/users\/1"}],"replies":[{"embeddable":true,"href":"https:\/\/itkm.misjonarze.pl\/index.php?rest_route=%2Fwp%2Fv2%2Fcomments&post=104"}],"version-history":[{"count":8,"href":"https:\/\/itkm.misjonarze.pl\/index.php?rest_route=\/wp\/v2\/pages\/104\/revisions"}],"predecessor-version":[{"id":898,"href":"https:\/\/itkm.misjonarze.pl\/index.php?rest_route=\/wp\/v2\/pages\/104\/revisions\/898"}],"wp:attachment":[{"href":"https:\/\/itkm.misjonarze.pl\/index.php?rest_route=%2Fwp%2Fv2%2Fmedia&parent=104"}],"curies":[{"name":"wp","href":"https:\/\/api.w.org\/{rel}","templated":true}]}}